{"id":291,"date":"2025-03-19T21:37:14","date_gmt":"2025-03-19T20:37:14","guid":{"rendered":"https:\/\/lecumedelune.com\/?page_id=291"},"modified":"2025-05-07T22:24:50","modified_gmt":"2025-05-07T20:24:50","slug":"nos-vins-rouges","status":"publish","type":"page","link":"https:\/\/lecumedelune.com\/index.php\/nos-vins-rouges\/","title":{"rendered":"Nos vins rouges"},"content":{"rendered":"\t\t<div data-elementor-type=\"wp-page\" data-elementor-id=\"291\" class=\"elementor elementor-291\" data-elementor-post-type=\"page\">\n\t\t\t\t<div class=\"elementor-element elementor-element-5cd3b7b e-con-full e-flex e-con e-parent\" data-id=\"5cd3b7b\" data-element_type=\"container\">\n\t\t\t\t<div class=\"elementor-element elementor-element-dd26b05 elementor-fixed elementor-invisible elementor-widget elementor-widget-image\" data-id=\"dd26b05\" data-element_type=\"widget\" data-settings=\"{&quot;_position&quot;:&quot;fixed&quot;,&quot;_animation&quot;:&quot;fadeInRight&quot;}\" data-widget_type=\"image.default\">\n\t\t\t\t<div class=\"elementor-widget-container\">\n\t\t\t\t\t\t\t\t\t\t\t\t\t\t\t\t<a href=\"https:\/\/lecumedelune.com\/index.php\/la-cave\/\">\n\t\t\t\t\t\t\t<img fetchpriority=\"high\" decoding=\"async\" width=\"768\" height=\"768\" src=\"https:\/\/lecumedelune.com\/wp-content\/uploads\/2025\/04\/Picto-cave-V2_Cave-768x768.png\" class=\"attachment-medium_large size-medium_large wp-image-911\" alt=\"visiter la cave du domaine de l&#039;Ecume de Lune\" srcset=\"https:\/\/lecumedelune.com\/wp-content\/uploads\/2025\/04\/Picto-cave-V2_Cave-768x768.png 768w, https:\/\/lecumedelune.com\/wp-content\/uploads\/2025\/04\/Picto-cave-V2_Cave-300x300.png 300w, https:\/\/lecumedelune.com\/wp-content\/uploads\/2025\/04\/Picto-cave-V2_Cave-1024x1024.png 1024w, https:\/\/lecumedelune.com\/wp-content\/uploads\/2025\/04\/Picto-cave-V2_Cave-150x150.png 150w, https:\/\/lecumedelune.com\/wp-content\/uploads\/2025\/04\/Picto-cave-V2_Cave-1536x1536.png 1536w, https:\/\/lecumedelune.com\/wp-content\/uploads\/2025\/04\/Picto-cave-V2_Cave.png 1875w\" sizes=\"(max-width: 768px) 100vw, 768px\" \/>\t\t\t\t\t\t\t\t<\/a>\n\t\t\t\t\t\t\t\t\t\t\t\t\t\t\t<\/div>\n\t\t\t\t<\/div>\n\t\t\t\t<div class=\"elementor-element elementor-element-8fdcb9a elementor--v-position-top elementor--h-position-center elementor-arrows-position-inside elementor-pagination-position-inside elementor-widget elementor-widget-slides\" data-id=\"8fdcb9a\" data-element_type=\"widget\" data-settings=\"{&quot;navigation&quot;:&quot;both&quot;,&quot;autoplay&quot;:&quot;yes&quot;,&quot;pause_on_hover&quot;:&quot;yes&quot;,&quot;pause_on_interaction&quot;:&quot;yes&quot;,&quot;autoplay_speed&quot;:5000,&quot;infinite&quot;:&quot;yes&quot;,&quot;transition&quot;:&quot;slide&quot;,&quot;transition_speed&quot;:500}\" data-widget_type=\"slides.default\">\n\t\t\t\t<div class=\"elementor-widget-container\">\n\t\t\t\t\t\t\t\t\t<div class=\"elementor-swiper\">\n\t\t\t\t\t<div class=\"elementor-slides-wrapper elementor-main-swiper swiper\" role=\"region\" aria-roledescription=\"carousel\" aria-label=\"Slides\" dir=\"ltr\" data-animation=\"fadeInUp\">\n\t\t\t\t<div class=\"swiper-wrapper elementor-slides\">\n\t\t\t\t\t\t\t\t\t\t<div class=\"elementor-repeater-item-efb6d62 swiper-slide\" role=\"group\" aria-roledescription=\"slide\"><div class=\"swiper-slide-bg\" role=\"img\"><\/div><div class=\"elementor-background-overlay\"><\/div><a class=\"swiper-slide-inner\" href=\"#scroll\"><div class=\"swiper-slide-contents\"><div class=\"elementor-slide-heading\"> AOP C\u00f4te de Provence<\/div><div class=\"elementor-slide-description\">L'accompagnement parfait des charcuteries raffin\u00e9es et des plateaux de fromages<\/div><div  class=\"elementor-button elementor-slide-button elementor-size-sm\">\u25bc<\/div><\/div><\/a><\/div><div class=\"elementor-repeater-item-b7f3063 swiper-slide\" role=\"group\" aria-roledescription=\"slide\"><div class=\"swiper-slide-bg\" role=\"img\"><\/div><div class=\"elementor-background-overlay\"><\/div><a class=\"swiper-slide-inner\" href=\"#scroll2\"><div class=\"swiper-slide-contents\"><div class=\"elementor-slide-heading\">Le vin rouge vieilli en f\u00fbt de ch\u00eane<\/div><div class=\"elementor-slide-description\">Le partenaire id\u00e9al des plats en sauce <\/div><div  class=\"elementor-button elementor-slide-button elementor-size-sm\">\u25bc<\/div><\/div><\/a><\/div><div class=\"elementor-repeater-item-6387607 swiper-slide\" role=\"group\" aria-roledescription=\"slide\"><div class=\"swiper-slide-bg\" role=\"img\"><\/div><div class=\"elementor-background-overlay\"><\/div><a class=\"swiper-slide-inner\" href=\"#scroll3\"><div class=\"swiper-slide-contents\"><div class=\"elementor-slide-heading\">Le vin rouge de table<\/div><div class=\"elementor-slide-description\">Id\u00e9al avec les grillades et salades compos\u00e9es<\/div><div  class=\"elementor-button elementor-slide-button elementor-size-sm\">\u25bc<\/div><\/div><\/a><\/div>\t\t\t\t<\/div>\n\t\t\t\t\t\t\t\t\t\t\t\t\t\t\t<div class=\"elementor-swiper-button elementor-swiper-button-prev\" role=\"button\" tabindex=\"0\" aria-label=\"Diapositive pr\u00e9c\u00e9dente\">\n\t\t\t\t\t\t\t<svg aria-hidden=\"true\" class=\"e-font-icon-svg e-eicon-chevron-left\" viewBox=\"0 0 1000 1000\" xmlns=\"http:\/\/www.w3.org\/2000\/svg\"><path d=\"M646 125C629 125 613 133 604 142L308 442C296 454 292 471 292 487 292 504 296 521 308 533L604 854C617 867 629 875 646 875 663 875 679 871 692 858 704 846 713 829 713 812 713 796 708 779 692 767L438 487 692 225C700 217 708 204 708 187 708 171 704 154 692 142 675 129 663 125 646 125Z\"><\/path><\/svg>\t\t\t\t\t\t<\/div>\n\t\t\t\t\t\t<div class=\"elementor-swiper-button elementor-swiper-button-next\" role=\"button\" tabindex=\"0\" aria-label=\"Diapositive suivante\">\n\t\t\t\t\t\t\t<svg aria-hidden=\"true\" class=\"e-font-icon-svg e-eicon-chevron-right\" viewBox=\"0 0 1000 1000\" xmlns=\"http:\/\/www.w3.org\/2000\/svg\"><path d=\"M696 533C708 521 713 504 713 487 713 471 708 454 696 446L400 146C388 133 375 125 354 125 338 125 325 129 313 142 300 154 292 171 292 187 292 204 296 221 308 233L563 492 304 771C292 783 288 800 288 817 288 833 296 850 308 863 321 871 338 875 354 875 371 875 388 867 400 854L696 533Z\"><\/path><\/svg>\t\t\t\t\t\t<\/div>\n\t\t\t\t\t\t\t\t\t\t\t\t\t\t\t\t<div class=\"swiper-pagination\"><\/div>\n\t\t\t\t\t\t\t\t\t\t\t\t<\/div>\n\t\t\t\t<\/div>\n\t\t\t\t\t\t\t\t<\/div>\n\t\t\t\t<\/div>\n\t\t\t\t<\/div>\n\t\t<div class=\"elementor-element elementor-element-118451f e-con-full e-flex e-con e-parent\" data-id=\"118451f\" data-element_type=\"container\">\n\t\t<div class=\"elementor-element elementor-element-788c781 e-con-full elementor-hidden-tablet elementor-hidden-mobile e-flex e-con e-child\" data-id=\"788c781\" data-element_type=\"container\" data-settings=\"{&quot;background_background&quot;:&quot;slideshow&quot;,&quot;background_slideshow_gallery&quot;:[{&quot;id&quot;:1793,&quot;url&quot;:&quot;http:\\\/\\\/lecumedelune.com\\\/wp-content\\\/uploads\\\/2025\\\/05\\\/BG-color-scaled.png&quot;}],&quot;background_slideshow_loop&quot;:&quot;yes&quot;,&quot;background_slideshow_slide_duration&quot;:5000,&quot;background_slideshow_slide_transition&quot;:&quot;fade&quot;,&quot;background_slideshow_transition_duration&quot;:500}\">\n\t\t<div class=\"elementor-element elementor-element-60d58c9 e-con-full e-flex e-con e-child\" data-id=\"60d58c9\" data-element_type=\"container\" data-settings=\"{&quot;background_background&quot;:&quot;classic&quot;}\">\n\t\t\t\t<div class=\"elementor-element elementor-element-b2e1434 elementor-widget elementor-widget-menu-anchor\" data-id=\"b2e1434\" data-element_type=\"widget\" data-widget_type=\"menu-anchor.default\">\n\t\t\t\t<div class=\"elementor-widget-container\">\n\t\t\t\t\t\t\t<div class=\"elementor-menu-anchor\" id=\"scroll\"><\/div>\n\t\t\t\t\t\t<\/div>\n\t\t\t\t<\/div>\n\t\t\t\t<div class=\"elementor-element elementor-element-28cd8e3 elementor-widget elementor-widget-heading\" data-id=\"28cd8e3\" data-element_type=\"widget\" data-settings=\"{&quot;motion_fx_motion_fx_scrolling&quot;:&quot;yes&quot;,&quot;motion_fx_translateY_effect&quot;:&quot;yes&quot;,&quot;motion_fx_translateY_speed&quot;:{&quot;unit&quot;:&quot;px&quot;,&quot;size&quot;:0.6,&quot;sizes&quot;:[]},&quot;motion_fx_translateY_affectedRange&quot;:{&quot;unit&quot;:&quot;%&quot;,&quot;size&quot;:&quot;&quot;,&quot;sizes&quot;:{&quot;start&quot;:0,&quot;end&quot;:100}},&quot;motion_fx_devices&quot;:[&quot;desktop&quot;,&quot;tablet&quot;,&quot;mobile&quot;]}\" data-widget_type=\"heading.default\">\n\t\t\t\t<div class=\"elementor-widget-container\">\n\t\t\t\t\t<h3 class=\"elementor-heading-title elementor-size-default\">Caract\u00e9ristiques<\/h3>\t\t\t\t<\/div>\n\t\t\t\t<\/div>\n\t\t\t\t<div class=\"elementor-element elementor-element-2f27c4c elementor-widget elementor-widget-text-editor\" data-id=\"2f27c4c\" data-element_type=\"widget\" data-settings=\"{&quot;motion_fx_motion_fx_scrolling&quot;:&quot;yes&quot;,&quot;motion_fx_translateY_effect&quot;:&quot;yes&quot;,&quot;motion_fx_translateY_speed&quot;:{&quot;unit&quot;:&quot;px&quot;,&quot;size&quot;:0.6,&quot;sizes&quot;:[]},&quot;motion_fx_translateY_affectedRange&quot;:{&quot;unit&quot;:&quot;%&quot;,&quot;size&quot;:&quot;&quot;,&quot;sizes&quot;:{&quot;start&quot;:0,&quot;end&quot;:100}},&quot;motion_fx_devices&quot;:[&quot;desktop&quot;,&quot;tablet&quot;,&quot;mobile&quot;]}\" data-widget_type=\"text-editor.default\">\n\t\t\t\t<div class=\"elementor-widget-container\">\n\t\t\t\t\t\t\t\t\t<p>Ce C\u00f4tes de Provence Rouge AOP s\u00e9duit d\u00e8s le premier regard par sa robe profonde, aux nuances de cerise noire \u00e9clatante. Le nez complexe et m\u00fbr d\u00e9voile une belle intensit\u00e9 aromatique, entre les fruits noirs charnus, des notes de camphre et les accents typiques de la garrigue proven\u00e7ale. En bouche, le vin offre une structure ample, soutenue par une belle fra\u00eecheur et des tanins fins, avec des touches de r\u00e9glisse qui prolongent la d\u00e9gustation vers une finale gourmande et salivante. Un rouge harmonieux, \u00e0 la fois solaire et \u00e9quilibr\u00e9, qui refl\u00e8te la richesse de son terroir.<\/p>\t\t\t\t\t\t\t\t<\/div>\n\t\t\t\t<\/div>\n\t\t\t\t<div class=\"elementor-element elementor-element-cac61b9 elementor-widget elementor-widget-button\" data-id=\"cac61b9\" data-element_type=\"widget\" data-widget_type=\"button.default\">\n\t\t\t\t<div class=\"elementor-widget-container\">\n\t\t\t\t\t\t\t\t\t<div class=\"elementor-button-wrapper\">\n\t\t\t\t\t<a class=\"elementor-button elementor-button-link elementor-size-sm\" href=\"#\">\n\t\t\t\t\t\t<span class=\"elementor-button-content-wrapper\">\n\t\t\t\t\t\t\t\t\t<span class=\"elementor-button-text\">Voir la fiche technique<\/span>\n\t\t\t\t\t<\/span>\n\t\t\t\t\t<\/a>\n\t\t\t\t<\/div>\n\t\t\t\t\t\t\t\t<\/div>\n\t\t\t\t<\/div>\n\t\t\t\t<\/div>\n\t\t<div class=\"elementor-element elementor-element-662d531 e-con-full e-flex e-con e-child\" data-id=\"662d531\" data-element_type=\"container\">\n\t\t\t\t<div class=\"elementor-element elementor-element-4ec5ff4 elementor-widget elementor-widget-image\" data-id=\"4ec5ff4\" data-element_type=\"widget\" data-widget_type=\"image.default\">\n\t\t\t\t<div class=\"elementor-widget-container\">\n\t\t\t\t\t\t\t\t\t\t\t\t\t\t\t<img decoding=\"async\" width=\"461\" height=\"1024\" src=\"https:\/\/lecumedelune.com\/wp-content\/uploads\/2025\/04\/Bouteilles-AOP-Rouge-461x1024.png\" class=\"attachment-large size-large wp-image-1482\" alt=\"Bouteille de vin rouge de Provence AOP\" srcset=\"https:\/\/lecumedelune.com\/wp-content\/uploads\/2025\/04\/Bouteilles-AOP-Rouge-461x1024.png 461w, https:\/\/lecumedelune.com\/wp-content\/uploads\/2025\/04\/Bouteilles-AOP-Rouge-135x300.png 135w, https:\/\/lecumedelune.com\/wp-content\/uploads\/2025\/04\/Bouteilles-AOP-Rouge-768x1707.png 768w, https:\/\/lecumedelune.com\/wp-content\/uploads\/2025\/04\/Bouteilles-AOP-Rouge-691x1536.png 691w, https:\/\/lecumedelune.com\/wp-content\/uploads\/2025\/04\/Bouteilles-AOP-Rouge-922x2048.png 922w, https:\/\/lecumedelune.com\/wp-content\/uploads\/2025\/04\/Bouteilles-AOP-Rouge.png 1116w\" sizes=\"(max-width: 461px) 100vw, 461px\" \/>\t\t\t\t\t\t\t\t\t\t\t\t\t\t\t<\/div>\n\t\t\t\t<\/div>\n\t\t\t\t<\/div>\n\t\t<div class=\"elementor-element elementor-element-9bc7e89 e-con-full e-flex e-con e-child\" data-id=\"9bc7e89\" data-element_type=\"container\">\n\t\t\t\t<div class=\"elementor-element elementor-element-358244c elementor-widget elementor-widget-heading\" data-id=\"358244c\" data-element_type=\"widget\" data-settings=\"{&quot;motion_fx_motion_fx_scrolling&quot;:&quot;yes&quot;,&quot;motion_fx_translateY_effect&quot;:&quot;yes&quot;,&quot;motion_fx_translateY_speed&quot;:{&quot;unit&quot;:&quot;px&quot;,&quot;size&quot;:0.6,&quot;sizes&quot;:[]},&quot;motion_fx_translateY_affectedRange&quot;:{&quot;unit&quot;:&quot;%&quot;,&quot;size&quot;:&quot;&quot;,&quot;sizes&quot;:{&quot;start&quot;:0,&quot;end&quot;:100}},&quot;motion_fx_devices&quot;:[&quot;desktop&quot;,&quot;tablet&quot;,&quot;mobile&quot;]}\" data-widget_type=\"heading.default\">\n\t\t\t\t<div class=\"elementor-widget-container\">\n\t\t\t\t\t<h3 class=\"elementor-heading-title elementor-size-default\">D\u00e9gustation<\/h3>\t\t\t\t<\/div>\n\t\t\t\t<\/div>\n\t\t\t\t<div class=\"elementor-element elementor-element-256fcb1 elementor-widget elementor-widget-text-editor\" data-id=\"256fcb1\" data-element_type=\"widget\" data-settings=\"{&quot;motion_fx_motion_fx_scrolling&quot;:&quot;yes&quot;,&quot;motion_fx_translateY_effect&quot;:&quot;yes&quot;,&quot;motion_fx_translateY_speed&quot;:{&quot;unit&quot;:&quot;px&quot;,&quot;size&quot;:0.6,&quot;sizes&quot;:[]},&quot;motion_fx_translateY_affectedRange&quot;:{&quot;unit&quot;:&quot;%&quot;,&quot;size&quot;:&quot;&quot;,&quot;sizes&quot;:{&quot;start&quot;:0,&quot;end&quot;:100}},&quot;motion_fx_devices&quot;:[&quot;desktop&quot;,&quot;tablet&quot;,&quot;mobile&quot;]}\" data-widget_type=\"text-editor.default\">\n\t\t\t\t<div class=\"elementor-widget-container\">\n\t\t\t\t\t\t\t\t\t<p>Ce vin s\u2019invite aussi bien \u00e0 l\u2019ap\u00e9ritif, accompagn\u00e9 de charcuteries fines, qu\u2019\u00e0 table, pour sublimer des plats en sauce, des grillades de viande rouge ou encore une belle planche de fromages affin\u00e9s. Sa puissance douce et sa fra\u00eecheur en font un compagnon id\u00e9al pour les repas g\u00e9n\u00e9reux, qu\u2019il \u00e9l\u00e8ve avec \u00e9l\u00e9gance et caract\u00e8re.<\/p>\t\t\t\t\t\t\t\t<\/div>\n\t\t\t\t<\/div>\n\t\t\t\t<\/div>\n\t\t\t\t<\/div>\n\t\t<div class=\"elementor-element elementor-element-3b0fcaa e-con-full elementor-hidden-desktop e-flex e-con e-child\" data-id=\"3b0fcaa\" data-element_type=\"container\" data-settings=\"{&quot;background_background&quot;:&quot;classic&quot;}\">\n\t\t<div class=\"elementor-element elementor-element-a4a7854 e-con-full e-flex e-con e-child\" data-id=\"a4a7854\" data-element_type=\"container\">\n\t\t\t\t<div class=\"elementor-element elementor-element-33e289e elementor-widget elementor-widget-menu-anchor\" data-id=\"33e289e\" data-element_type=\"widget\" data-widget_type=\"menu-anchor.default\">\n\t\t\t\t<div class=\"elementor-widget-container\">\n\t\t\t\t\t\t\t<div class=\"elementor-menu-anchor\" id=\"scroll\"><\/div>\n\t\t\t\t\t\t<\/div>\n\t\t\t\t<\/div>\n\t\t\t\t<div class=\"elementor-element elementor-element-9ea88d7 elementor-widget elementor-widget-image\" data-id=\"9ea88d7\" data-element_type=\"widget\" data-widget_type=\"image.default\">\n\t\t\t\t<div class=\"elementor-widget-container\">\n\t\t\t\t\t\t\t\t\t\t\t\t\t\t\t<img decoding=\"async\" width=\"461\" height=\"1024\" src=\"https:\/\/lecumedelune.com\/wp-content\/uploads\/2025\/04\/Bouteilles-AOP-Rouge-461x1024.png\" class=\"attachment-large size-large wp-image-1482\" alt=\"Bouteille de vin rouge de Provence AOP\" srcset=\"https:\/\/lecumedelune.com\/wp-content\/uploads\/2025\/04\/Bouteilles-AOP-Rouge-461x1024.png 461w, https:\/\/lecumedelune.com\/wp-content\/uploads\/2025\/04\/Bouteilles-AOP-Rouge-135x300.png 135w, https:\/\/lecumedelune.com\/wp-content\/uploads\/2025\/04\/Bouteilles-AOP-Rouge-768x1707.png 768w, https:\/\/lecumedelune.com\/wp-content\/uploads\/2025\/04\/Bouteilles-AOP-Rouge-691x1536.png 691w, https:\/\/lecumedelune.com\/wp-content\/uploads\/2025\/04\/Bouteilles-AOP-Rouge-922x2048.png 922w, https:\/\/lecumedelune.com\/wp-content\/uploads\/2025\/04\/Bouteilles-AOP-Rouge.png 1116w\" sizes=\"(max-width: 461px) 100vw, 461px\" \/>\t\t\t\t\t\t\t\t\t\t\t\t\t\t\t<\/div>\n\t\t\t\t<\/div>\n\t\t\t\t<\/div>\n\t\t<div class=\"elementor-element elementor-element-08bfa3c e-con-full e-flex e-con e-child\" data-id=\"08bfa3c\" data-element_type=\"container\">\n\t\t\t\t<div class=\"elementor-element elementor-element-e2c931a elementor-widget elementor-widget-heading\" data-id=\"e2c931a\" data-element_type=\"widget\" data-settings=\"{&quot;motion_fx_motion_fx_scrolling&quot;:&quot;yes&quot;,&quot;motion_fx_translateY_effect&quot;:&quot;yes&quot;,&quot;motion_fx_translateY_speed&quot;:{&quot;unit&quot;:&quot;px&quot;,&quot;size&quot;:0.6,&quot;sizes&quot;:[]},&quot;motion_fx_translateY_affectedRange&quot;:{&quot;unit&quot;:&quot;%&quot;,&quot;size&quot;:&quot;&quot;,&quot;sizes&quot;:{&quot;start&quot;:0,&quot;end&quot;:100}},&quot;motion_fx_devices&quot;:[&quot;desktop&quot;,&quot;tablet&quot;,&quot;mobile&quot;]}\" data-widget_type=\"heading.default\">\n\t\t\t\t<div class=\"elementor-widget-container\">\n\t\t\t\t\t<h3 class=\"elementor-heading-title elementor-size-default\">Caract\u00e9ristiques<\/h3>\t\t\t\t<\/div>\n\t\t\t\t<\/div>\n\t\t\t\t<div class=\"elementor-element elementor-element-0921cbc elementor-widget elementor-widget-text-editor\" data-id=\"0921cbc\" data-element_type=\"widget\" data-settings=\"{&quot;motion_fx_motion_fx_scrolling&quot;:&quot;yes&quot;,&quot;motion_fx_translateY_effect&quot;:&quot;yes&quot;,&quot;motion_fx_translateY_speed&quot;:{&quot;unit&quot;:&quot;px&quot;,&quot;size&quot;:0.6,&quot;sizes&quot;:[]},&quot;motion_fx_translateY_affectedRange&quot;:{&quot;unit&quot;:&quot;%&quot;,&quot;size&quot;:&quot;&quot;,&quot;sizes&quot;:{&quot;start&quot;:0,&quot;end&quot;:100}},&quot;motion_fx_devices&quot;:[&quot;desktop&quot;,&quot;tablet&quot;,&quot;mobile&quot;]}\" data-widget_type=\"text-editor.default\">\n\t\t\t\t<div class=\"elementor-widget-container\">\n\t\t\t\t\t\t\t\t\t<p>Ce C\u00f4tes de Provence Rouge AOP s\u00e9duit d\u00e8s le premier regard par sa robe profonde, aux nuances de cerise noire \u00e9clatante. Le nez complexe et m\u00fbr d\u00e9voile une belle intensit\u00e9 aromatique, entre les fruits noirs charnus, des notes de camphre et les accents typiques de la garrigue proven\u00e7ale. En bouche, le vin offre une structure ample, soutenue par une belle fra\u00eecheur et des tanins fins, avec des touches de r\u00e9glisse qui prolongent la d\u00e9gustation vers une finale gourmande et salivante. Un rouge harmonieux, \u00e0 la fois solaire et \u00e9quilibr\u00e9, qui refl\u00e8te la richesse de son terroir.<\/p>\t\t\t\t\t\t\t\t<\/div>\n\t\t\t\t<\/div>\n\t\t\t\t<div class=\"elementor-element elementor-element-0ef2bfc elementor-tablet-align-center elementor-widget elementor-widget-button\" data-id=\"0ef2bfc\" data-element_type=\"widget\" data-settings=\"{&quot;motion_fx_motion_fx_scrolling&quot;:&quot;yes&quot;,&quot;motion_fx_translateY_effect&quot;:&quot;yes&quot;,&quot;motion_fx_translateY_speed&quot;:{&quot;unit&quot;:&quot;px&quot;,&quot;size&quot;:0.6,&quot;sizes&quot;:[]},&quot;motion_fx_translateY_affectedRange&quot;:{&quot;unit&quot;:&quot;%&quot;,&quot;size&quot;:&quot;&quot;,&quot;sizes&quot;:{&quot;start&quot;:0,&quot;end&quot;:100}},&quot;motion_fx_devices&quot;:[&quot;desktop&quot;,&quot;tablet&quot;,&quot;mobile&quot;]}\" data-widget_type=\"button.default\">\n\t\t\t\t<div class=\"elementor-widget-container\">\n\t\t\t\t\t\t\t\t\t<div class=\"elementor-button-wrapper\">\n\t\t\t\t\t<a class=\"elementor-button elementor-button-link elementor-size-sm\" href=\"#\">\n\t\t\t\t\t\t<span class=\"elementor-button-content-wrapper\">\n\t\t\t\t\t\t\t\t\t<span class=\"elementor-button-text\">Voir la fiche technique<\/span>\n\t\t\t\t\t<\/span>\n\t\t\t\t\t<\/a>\n\t\t\t\t<\/div>\n\t\t\t\t\t\t\t\t<\/div>\n\t\t\t\t<\/div>\n\t\t\t\t<\/div>\n\t\t<div class=\"elementor-element elementor-element-c5a31b9 e-con-full e-flex e-con e-child\" data-id=\"c5a31b9\" data-element_type=\"container\">\n\t\t\t\t<div class=\"elementor-element elementor-element-4ee1e64 elementor-widget elementor-widget-heading\" data-id=\"4ee1e64\" data-element_type=\"widget\" data-settings=\"{&quot;motion_fx_motion_fx_scrolling&quot;:&quot;yes&quot;,&quot;motion_fx_translateY_effect&quot;:&quot;yes&quot;,&quot;motion_fx_translateY_speed&quot;:{&quot;unit&quot;:&quot;px&quot;,&quot;size&quot;:0.6,&quot;sizes&quot;:[]},&quot;motion_fx_translateY_affectedRange&quot;:{&quot;unit&quot;:&quot;%&quot;,&quot;size&quot;:&quot;&quot;,&quot;sizes&quot;:{&quot;start&quot;:0,&quot;end&quot;:100}},&quot;motion_fx_devices&quot;:[&quot;desktop&quot;,&quot;tablet&quot;,&quot;mobile&quot;]}\" data-widget_type=\"heading.default\">\n\t\t\t\t<div class=\"elementor-widget-container\">\n\t\t\t\t\t<h3 class=\"elementor-heading-title elementor-size-default\">D\u00e9gustation<\/h3>\t\t\t\t<\/div>\n\t\t\t\t<\/div>\n\t\t\t\t<div class=\"elementor-element elementor-element-d84d4ea elementor-widget elementor-widget-text-editor\" data-id=\"d84d4ea\" data-element_type=\"widget\" data-settings=\"{&quot;motion_fx_motion_fx_scrolling&quot;:&quot;yes&quot;,&quot;motion_fx_translateY_effect&quot;:&quot;yes&quot;,&quot;motion_fx_translateY_speed&quot;:{&quot;unit&quot;:&quot;px&quot;,&quot;size&quot;:0.6,&quot;sizes&quot;:[]},&quot;motion_fx_translateY_affectedRange&quot;:{&quot;unit&quot;:&quot;%&quot;,&quot;size&quot;:&quot;&quot;,&quot;sizes&quot;:{&quot;start&quot;:0,&quot;end&quot;:100}},&quot;motion_fx_devices&quot;:[&quot;desktop&quot;,&quot;tablet&quot;,&quot;mobile&quot;]}\" data-widget_type=\"text-editor.default\">\n\t\t\t\t<div class=\"elementor-widget-container\">\n\t\t\t\t\t\t\t\t\t<p>Le C\u00f4tes de Provence Rouge AOP s\u2019invite aussi bien \u00e0 l\u2019ap\u00e9ritif, accompagn\u00e9 de charcuteries fines, qu\u2019\u00e0 table, pour sublimer des plats en sauce, des grillades de viande rouge ou encore une belle planche de fromages affin\u00e9s. Sa puissance douce et sa fra\u00eecheur en font un compagnon id\u00e9al pour les repas g\u00e9n\u00e9reux, qu\u2019il \u00e9l\u00e8ve avec \u00e9l\u00e9gance et caract\u00e8re.<\/p>\t\t\t\t\t\t\t\t<\/div>\n\t\t\t\t<\/div>\n\t\t\t\t<\/div>\n\t\t\t\t<\/div>\n\t\t\t\t<\/div>\n\t\t<div class=\"elementor-element elementor-element-215eab9 e-con-full e-flex e-con e-parent\" data-id=\"215eab9\" data-element_type=\"container\">\n\t\t<div class=\"elementor-element elementor-element-5390e7c e-con-full e-flex e-con e-child\" data-id=\"5390e7c\" data-element_type=\"container\" data-settings=\"{&quot;background_background&quot;:&quot;classic&quot;}\">\n\t\t\t\t<div class=\"elementor-element elementor-element-c8a92c9 elementor-widget elementor-widget-menu-anchor\" data-id=\"c8a92c9\" data-element_type=\"widget\" data-widget_type=\"menu-anchor.default\">\n\t\t\t\t<div class=\"elementor-widget-container\">\n\t\t\t\t\t\t\t<div class=\"elementor-menu-anchor\" id=\"scroll2\"><\/div>\n\t\t\t\t\t\t<\/div>\n\t\t\t\t<\/div>\n\t\t\t\t<div class=\"elementor-element elementor-element-42389f0 elementor-widget elementor-widget-heading\" data-id=\"42389f0\" data-element_type=\"widget\" data-settings=\"{&quot;motion_fx_motion_fx_scrolling&quot;:&quot;yes&quot;,&quot;motion_fx_translateY_effect&quot;:&quot;yes&quot;,&quot;motion_fx_translateY_speed&quot;:{&quot;unit&quot;:&quot;px&quot;,&quot;size&quot;:0.6,&quot;sizes&quot;:[]},&quot;motion_fx_translateY_affectedRange&quot;:{&quot;unit&quot;:&quot;%&quot;,&quot;size&quot;:&quot;&quot;,&quot;sizes&quot;:{&quot;start&quot;:0,&quot;end&quot;:100}},&quot;motion_fx_devices&quot;:[&quot;desktop&quot;,&quot;tablet&quot;,&quot;mobile&quot;]}\" data-widget_type=\"heading.default\">\n\t\t\t\t<div class=\"elementor-widget-container\">\n\t\t\t\t\t<h1 class=\"elementor-heading-title elementor-size-default\">Le vin rouge vieilli\nen f\u00fbt de ch\u00eane<\/h1>\t\t\t\t<\/div>\n\t\t\t\t<\/div>\n\t\t\t\t<div class=\"elementor-element elementor-element-b36847c elementor-widget elementor-widget-heading\" data-id=\"b36847c\" data-element_type=\"widget\" data-settings=\"{&quot;motion_fx_motion_fx_scrolling&quot;:&quot;yes&quot;,&quot;motion_fx_translateY_effect&quot;:&quot;yes&quot;,&quot;motion_fx_translateY_speed&quot;:{&quot;unit&quot;:&quot;px&quot;,&quot;size&quot;:0.6,&quot;sizes&quot;:[]},&quot;motion_fx_translateY_affectedRange&quot;:{&quot;unit&quot;:&quot;%&quot;,&quot;size&quot;:&quot;&quot;,&quot;sizes&quot;:{&quot;start&quot;:0,&quot;end&quot;:100}},&quot;motion_fx_devices&quot;:[&quot;desktop&quot;,&quot;tablet&quot;,&quot;mobile&quot;]}\" data-widget_type=\"heading.default\">\n\t\t\t\t<div class=\"elementor-widget-container\">\n\t\t\t\t\t<h3 class=\"elementor-heading-title elementor-size-default\">Caract\u00e9ristique<\/h3>\t\t\t\t<\/div>\n\t\t\t\t<\/div>\n\t\t\t\t<div class=\"elementor-element elementor-element-4914aeb elementor-widget elementor-widget-text-editor\" data-id=\"4914aeb\" data-element_type=\"widget\" data-settings=\"{&quot;motion_fx_motion_fx_scrolling&quot;:&quot;yes&quot;,&quot;motion_fx_translateY_effect&quot;:&quot;yes&quot;,&quot;motion_fx_translateY_speed&quot;:{&quot;unit&quot;:&quot;px&quot;,&quot;size&quot;:0.6,&quot;sizes&quot;:[]},&quot;motion_fx_translateY_affectedRange&quot;:{&quot;unit&quot;:&quot;%&quot;,&quot;size&quot;:&quot;&quot;,&quot;sizes&quot;:{&quot;start&quot;:0,&quot;end&quot;:100}},&quot;motion_fx_devices&quot;:[&quot;desktop&quot;,&quot;tablet&quot;,&quot;mobile&quot;]}\" data-widget_type=\"text-editor.default\">\n\t\t\t\t<div class=\"elementor-widget-container\">\n\t\t\t\t\t\t\t\t\t<p>Ce vin rouge \u00e9lev\u00e9 en f\u00fbt de ch\u00eane se distingue par une robe grenat intense, aux reflets violac\u00e9s qui t\u00e9moignent de sa jeunesse ma\u00eetris\u00e9e. Son nez \u00e9volutif s\u2019ouvre lentement, d\u00e9voilant d\u2019abord une min\u00e9ralit\u00e9 \u00e9pic\u00e9e, puis des ar\u00f4mes complexes de sous-bois, de m\u00fbre, de musc et de vanille. La bouche ample et soyeuse r\u00e9v\u00e8le une texture \u00e9l\u00e9gante, port\u00e9e par des tanins fondus et des ar\u00f4mes d\u2019\u00e9pices douces. La finale est longue, saline, subtilement beurr\u00e9e et toast\u00e9e, marquant l\u2019empreinte noble de l\u2019\u00e9levage en bois et l\u2019\u00e9l\u00e9gance du temps.<\/p>\t\t\t\t\t\t\t\t<\/div>\n\t\t\t\t<\/div>\n\t\t\t\t<div class=\"elementor-element elementor-element-ce2e136 elementor-tablet-align-center elementor-widget elementor-widget-button\" data-id=\"ce2e136\" data-element_type=\"widget\" data-settings=\"{&quot;motion_fx_motion_fx_scrolling&quot;:&quot;yes&quot;,&quot;motion_fx_translateY_effect&quot;:&quot;yes&quot;,&quot;motion_fx_translateY_speed&quot;:{&quot;unit&quot;:&quot;px&quot;,&quot;size&quot;:0.6,&quot;sizes&quot;:[]},&quot;motion_fx_translateY_affectedRange&quot;:{&quot;unit&quot;:&quot;%&quot;,&quot;size&quot;:&quot;&quot;,&quot;sizes&quot;:{&quot;start&quot;:0,&quot;end&quot;:100}},&quot;motion_fx_devices&quot;:[&quot;desktop&quot;,&quot;tablet&quot;,&quot;mobile&quot;]}\" data-widget_type=\"button.default\">\n\t\t\t\t<div class=\"elementor-widget-container\">\n\t\t\t\t\t\t\t\t\t<div class=\"elementor-button-wrapper\">\n\t\t\t\t\t<a class=\"elementor-button elementor-button-link elementor-size-sm\" href=\"#\">\n\t\t\t\t\t\t<span class=\"elementor-button-content-wrapper\">\n\t\t\t\t\t\t\t\t\t<span class=\"elementor-button-text\">Voir la fiche technique<\/span>\n\t\t\t\t\t<\/span>\n\t\t\t\t\t<\/a>\n\t\t\t\t<\/div>\n\t\t\t\t\t\t\t\t<\/div>\n\t\t\t\t<\/div>\n\t\t\t\t<div class=\"elementor-element elementor-element-1a11f00 elementor-widget elementor-widget-heading\" data-id=\"1a11f00\" data-element_type=\"widget\" data-settings=\"{&quot;motion_fx_motion_fx_scrolling&quot;:&quot;yes&quot;,&quot;motion_fx_translateY_effect&quot;:&quot;yes&quot;,&quot;motion_fx_translateY_speed&quot;:{&quot;unit&quot;:&quot;px&quot;,&quot;size&quot;:0.6,&quot;sizes&quot;:[]},&quot;motion_fx_translateY_affectedRange&quot;:{&quot;unit&quot;:&quot;%&quot;,&quot;size&quot;:&quot;&quot;,&quot;sizes&quot;:{&quot;start&quot;:0,&quot;end&quot;:100}},&quot;motion_fx_devices&quot;:[&quot;desktop&quot;,&quot;tablet&quot;,&quot;mobile&quot;]}\" data-widget_type=\"heading.default\">\n\t\t\t\t<div class=\"elementor-widget-container\">\n\t\t\t\t\t<h3 class=\"elementor-heading-title elementor-size-default\">D\u00e9gustation<\/h3>\t\t\t\t<\/div>\n\t\t\t\t<\/div>\n\t\t\t\t<div class=\"elementor-element elementor-element-afa9e66 elementor-widget elementor-widget-text-editor\" data-id=\"afa9e66\" data-element_type=\"widget\" data-settings=\"{&quot;motion_fx_motion_fx_scrolling&quot;:&quot;yes&quot;,&quot;motion_fx_translateY_effect&quot;:&quot;yes&quot;,&quot;motion_fx_translateY_speed&quot;:{&quot;unit&quot;:&quot;px&quot;,&quot;size&quot;:0.6,&quot;sizes&quot;:[]},&quot;motion_fx_translateY_affectedRange&quot;:{&quot;unit&quot;:&quot;%&quot;,&quot;size&quot;:&quot;&quot;,&quot;sizes&quot;:{&quot;start&quot;:0,&quot;end&quot;:100}},&quot;motion_fx_devices&quot;:[&quot;desktop&quot;,&quot;tablet&quot;,&quot;mobile&quot;]}\" data-widget_type=\"text-editor.default\">\n\t\t\t\t<div class=\"elementor-widget-container\">\n\t\t\t\t\t\t\t\t\t<p>Ce vin rouge vieilli en f\u00fbt de ch\u00eane se marie parfaitement avec des plats en sauce, des viandes de gibier ou encore une belle s\u00e9lection de fromages affin\u00e9s. Son profondeur aromatique et sa bouche soyeuse en font un compagnon d\u2019exception pour les mets riches et savoureux, auxquels il apporte une structure noble et une note bois\u00e9e tout en finesse. Id\u00e9al pour les repas chaleureux et les instants de d\u00e9gustation exigeants.<\/p>\t\t\t\t\t\t\t\t<\/div>\n\t\t\t\t<\/div>\n\t\t\t\t<\/div>\n\t\t<div class=\"elementor-element elementor-element-f4ef8d2 e-con-full e-flex e-con e-child\" data-id=\"f4ef8d2\" data-element_type=\"container\" data-settings=\"{&quot;background_background&quot;:&quot;slideshow&quot;,&quot;background_slideshow_gallery&quot;:[{&quot;id&quot;:1468,&quot;url&quot;:&quot;http:\\\/\\\/lecumedelune.com\\\/wp-content\\\/uploads\\\/2025\\\/04\\\/Bouteilles-Vieillie-composition-2-scaled.png&quot;}],&quot;background_slideshow_ken_burns&quot;:&quot;yes&quot;,&quot;background_slideshow_loop&quot;:&quot;yes&quot;,&quot;background_slideshow_slide_duration&quot;:5000,&quot;background_slideshow_slide_transition&quot;:&quot;fade&quot;,&quot;background_slideshow_transition_duration&quot;:500,&quot;background_slideshow_ken_burns_zoom_direction&quot;:&quot;in&quot;}\">\n\t\t\t\t<div class=\"elementor-element elementor-element-9511edb elementor-widget elementor-widget-spacer\" data-id=\"9511edb\" data-element_type=\"widget\" data-widget_type=\"spacer.default\">\n\t\t\t\t<div class=\"elementor-widget-container\">\n\t\t\t\t\t\t\t<div class=\"elementor-spacer\">\n\t\t\t<div class=\"elementor-spacer-inner\"><\/div>\n\t\t<\/div>\n\t\t\t\t\t\t<\/div>\n\t\t\t\t<\/div>\n\t\t\t\t<\/div>\n\t\t\t\t<\/div>\n\t\t<div class=\"elementor-element elementor-element-529874d e-con-full e-flex e-con e-parent\" data-id=\"529874d\" data-element_type=\"container\">\n\t\t<div class=\"elementor-element elementor-element-cc69664 e-con-full e-flex e-con e-child\" data-id=\"cc69664\" data-element_type=\"container\" data-settings=\"{&quot;background_background&quot;:&quot;slideshow&quot;,&quot;background_slideshow_gallery&quot;:[{&quot;id&quot;:1486,&quot;url&quot;:&quot;http:\\\/\\\/lecumedelune.com\\\/wp-content\\\/uploads\\\/2025\\\/04\\\/Bouteilles-VindeTable-Rouge-composition.png&quot;}],&quot;background_slideshow_ken_burns&quot;:&quot;yes&quot;,&quot;background_slideshow_loop&quot;:&quot;yes&quot;,&quot;background_slideshow_slide_duration&quot;:5000,&quot;background_slideshow_slide_transition&quot;:&quot;fade&quot;,&quot;background_slideshow_transition_duration&quot;:500,&quot;background_slideshow_ken_burns_zoom_direction&quot;:&quot;in&quot;}\">\n\t\t\t\t<div class=\"elementor-element elementor-element-7dc6f7d elementor-widget elementor-widget-menu-anchor\" data-id=\"7dc6f7d\" data-element_type=\"widget\" data-widget_type=\"menu-anchor.default\">\n\t\t\t\t<div class=\"elementor-widget-container\">\n\t\t\t\t\t\t\t<div class=\"elementor-menu-anchor\" id=\"scroll3\"><\/div>\n\t\t\t\t\t\t<\/div>\n\t\t\t\t<\/div>\n\t\t\t\t<div class=\"elementor-element elementor-element-ad63bd2 elementor-widget elementor-widget-spacer\" data-id=\"ad63bd2\" data-element_type=\"widget\" data-widget_type=\"spacer.default\">\n\t\t\t\t<div class=\"elementor-widget-container\">\n\t\t\t\t\t\t\t<div class=\"elementor-spacer\">\n\t\t\t<div class=\"elementor-spacer-inner\"><\/div>\n\t\t<\/div>\n\t\t\t\t\t\t<\/div>\n\t\t\t\t<\/div>\n\t\t\t\t<\/div>\n\t\t<div class=\"elementor-element elementor-element-6f98c39 e-con-full e-flex e-con e-child\" data-id=\"6f98c39\" data-element_type=\"container\" data-settings=\"{&quot;background_background&quot;:&quot;classic&quot;}\">\n\t\t\t\t<div class=\"elementor-element elementor-element-3c07cc0 elementor-widget elementor-widget-heading\" data-id=\"3c07cc0\" data-element_type=\"widget\" data-settings=\"{&quot;motion_fx_motion_fx_scrolling&quot;:&quot;yes&quot;,&quot;motion_fx_translateY_effect&quot;:&quot;yes&quot;,&quot;motion_fx_translateY_speed&quot;:{&quot;unit&quot;:&quot;px&quot;,&quot;size&quot;:0.6,&quot;sizes&quot;:[]},&quot;motion_fx_translateY_affectedRange&quot;:{&quot;unit&quot;:&quot;%&quot;,&quot;size&quot;:&quot;&quot;,&quot;sizes&quot;:{&quot;start&quot;:0,&quot;end&quot;:100}},&quot;motion_fx_devices&quot;:[&quot;desktop&quot;,&quot;tablet&quot;,&quot;mobile&quot;]}\" data-widget_type=\"heading.default\">\n\t\t\t\t<div class=\"elementor-widget-container\">\n\t\t\t\t\t<h1 class=\"elementor-heading-title elementor-size-default\">Le Cugelais <\/h1>\t\t\t\t<\/div>\n\t\t\t\t<\/div>\n\t\t\t\t<div class=\"elementor-element elementor-element-29963f2 elementor-widget elementor-widget-text-editor\" data-id=\"29963f2\" data-element_type=\"widget\" data-settings=\"{&quot;motion_fx_motion_fx_scrolling&quot;:&quot;yes&quot;,&quot;motion_fx_translateY_effect&quot;:&quot;yes&quot;,&quot;motion_fx_translateY_speed&quot;:{&quot;unit&quot;:&quot;px&quot;,&quot;size&quot;:0.6,&quot;sizes&quot;:[]},&quot;motion_fx_translateY_affectedRange&quot;:{&quot;unit&quot;:&quot;%&quot;,&quot;size&quot;:&quot;&quot;,&quot;sizes&quot;:{&quot;start&quot;:0,&quot;end&quot;:100}},&quot;motion_fx_devices&quot;:[&quot;desktop&quot;,&quot;tablet&quot;,&quot;mobile&quot;]}\" data-widget_type=\"text-editor.default\">\n\t\t\t\t<div class=\"elementor-widget-container\">\n\t\t\t\t\t\t\t\t\t<p><em>Disponible en bouteille et en fontaine \u00e0 vin<\/em><\/p>\t\t\t\t\t\t\t\t<\/div>\n\t\t\t\t<\/div>\n\t\t\t\t<div class=\"elementor-element elementor-element-1d65c49 elementor-widget elementor-widget-heading\" data-id=\"1d65c49\" data-element_type=\"widget\" data-settings=\"{&quot;motion_fx_motion_fx_scrolling&quot;:&quot;yes&quot;,&quot;motion_fx_translateY_effect&quot;:&quot;yes&quot;,&quot;motion_fx_translateY_speed&quot;:{&quot;unit&quot;:&quot;px&quot;,&quot;size&quot;:0.6,&quot;sizes&quot;:[]},&quot;motion_fx_translateY_affectedRange&quot;:{&quot;unit&quot;:&quot;%&quot;,&quot;size&quot;:&quot;&quot;,&quot;sizes&quot;:{&quot;start&quot;:0,&quot;end&quot;:100}},&quot;motion_fx_devices&quot;:[&quot;desktop&quot;,&quot;tablet&quot;,&quot;mobile&quot;]}\" data-widget_type=\"heading.default\">\n\t\t\t\t<div class=\"elementor-widget-container\">\n\t\t\t\t\t<h3 class=\"elementor-heading-title elementor-size-default\">Caract\u00e9ristique<\/h3>\t\t\t\t<\/div>\n\t\t\t\t<\/div>\n\t\t\t\t<div class=\"elementor-element elementor-element-c1372dc elementor-widget elementor-widget-text-editor\" data-id=\"c1372dc\" data-element_type=\"widget\" data-settings=\"{&quot;motion_fx_motion_fx_scrolling&quot;:&quot;yes&quot;,&quot;motion_fx_translateY_effect&quot;:&quot;yes&quot;,&quot;motion_fx_translateY_speed&quot;:{&quot;unit&quot;:&quot;px&quot;,&quot;size&quot;:0.6,&quot;sizes&quot;:[]},&quot;motion_fx_translateY_affectedRange&quot;:{&quot;unit&quot;:&quot;%&quot;,&quot;size&quot;:&quot;&quot;,&quot;sizes&quot;:{&quot;start&quot;:0,&quot;end&quot;:100}},&quot;motion_fx_devices&quot;:[&quot;desktop&quot;,&quot;tablet&quot;,&quot;mobile&quot;]}\" data-widget_type=\"text-editor.default\">\n\t\t\t\t<div class=\"elementor-widget-container\">\n\t\t\t\t\t\t\t\t\t<p>Ce vin de table se d\u00e9voile sous une robe l\u00e9g\u00e8re, d\u2019un rouge griotte lumineux, qui annonce d\u2019embl\u00e9e un vin tout en fra\u00eecheur. Le nez expressif r\u00e9v\u00e8le un bouquet de fruits frais, accompagn\u00e9 de notes florales de rose et de fleurs s\u00e9ch\u00e9es, subtilement relev\u00e9es par une pointe de cannelle. En bouche, la mati\u00e8re est sapide et fruit\u00e9e, avec une belle vivacit\u00e9, tr\u00e8s peu de tanins, et une finale rafra\u00eechissante qui invite \u00e0 prolonger la d\u00e9gustation. Ce vin rouge l\u00e9ger et charmeur s\u00e9duit par son \u00e9quilibre naturel et son accessibilit\u00e9.<\/p>\t\t\t\t\t\t\t\t<\/div>\n\t\t\t\t<\/div>\n\t\t\t\t<div class=\"elementor-element elementor-element-baa624c elementor-tablet-align-center elementor-widget elementor-widget-button\" data-id=\"baa624c\" data-element_type=\"widget\" data-settings=\"{&quot;motion_fx_motion_fx_scrolling&quot;:&quot;yes&quot;,&quot;motion_fx_translateY_effect&quot;:&quot;yes&quot;,&quot;motion_fx_translateY_speed&quot;:{&quot;unit&quot;:&quot;px&quot;,&quot;size&quot;:0.6,&quot;sizes&quot;:[]},&quot;motion_fx_translateY_affectedRange&quot;:{&quot;unit&quot;:&quot;%&quot;,&quot;size&quot;:&quot;&quot;,&quot;sizes&quot;:{&quot;start&quot;:0,&quot;end&quot;:100}},&quot;motion_fx_devices&quot;:[&quot;desktop&quot;,&quot;tablet&quot;,&quot;mobile&quot;]}\" data-widget_type=\"button.default\">\n\t\t\t\t<div class=\"elementor-widget-container\">\n\t\t\t\t\t\t\t\t\t<div class=\"elementor-button-wrapper\">\n\t\t\t\t\t<a class=\"elementor-button elementor-button-link elementor-size-sm\" href=\"#\">\n\t\t\t\t\t\t<span class=\"elementor-button-content-wrapper\">\n\t\t\t\t\t\t\t\t\t<span class=\"elementor-button-text\">Voir la fiche technique<\/span>\n\t\t\t\t\t<\/span>\n\t\t\t\t\t<\/a>\n\t\t\t\t<\/div>\n\t\t\t\t\t\t\t\t<\/div>\n\t\t\t\t<\/div>\n\t\t\t\t<div class=\"elementor-element elementor-element-1cb39cc elementor-widget elementor-widget-heading\" data-id=\"1cb39cc\" data-element_type=\"widget\" data-settings=\"{&quot;motion_fx_motion_fx_scrolling&quot;:&quot;yes&quot;,&quot;motion_fx_translateY_effect&quot;:&quot;yes&quot;,&quot;motion_fx_translateY_speed&quot;:{&quot;unit&quot;:&quot;px&quot;,&quot;size&quot;:0.6,&quot;sizes&quot;:[]},&quot;motion_fx_translateY_affectedRange&quot;:{&quot;unit&quot;:&quot;%&quot;,&quot;size&quot;:&quot;&quot;,&quot;sizes&quot;:{&quot;start&quot;:0,&quot;end&quot;:100}},&quot;motion_fx_devices&quot;:[&quot;desktop&quot;,&quot;tablet&quot;,&quot;mobile&quot;]}\" data-widget_type=\"heading.default\">\n\t\t\t\t<div class=\"elementor-widget-container\">\n\t\t\t\t\t<h3 class=\"elementor-heading-title elementor-size-default\">D\u00e9gustation<\/h3>\t\t\t\t<\/div>\n\t\t\t\t<\/div>\n\t\t\t\t<div class=\"elementor-element elementor-element-f52350a elementor-widget elementor-widget-text-editor\" data-id=\"f52350a\" data-element_type=\"widget\" data-settings=\"{&quot;motion_fx_motion_fx_scrolling&quot;:&quot;yes&quot;,&quot;motion_fx_translateY_effect&quot;:&quot;yes&quot;,&quot;motion_fx_translateY_speed&quot;:{&quot;unit&quot;:&quot;px&quot;,&quot;size&quot;:0.6,&quot;sizes&quot;:[]},&quot;motion_fx_translateY_affectedRange&quot;:{&quot;unit&quot;:&quot;%&quot;,&quot;size&quot;:&quot;&quot;,&quot;sizes&quot;:{&quot;start&quot;:0,&quot;end&quot;:100}},&quot;motion_fx_devices&quot;:[&quot;desktop&quot;,&quot;tablet&quot;,&quot;mobile&quot;]}\" data-widget_type=\"text-editor.default\">\n\t\t\t\t<div class=\"elementor-widget-container\">\n\t\t\t\t\t\t\t\t\t<p>Avec sa fra\u00eecheur et son profil fruit\u00e9, le Cugelais 2024 s\u2019impose comme le partenaire id\u00e9al des repas estivaux. Il accompagne \u00e0 merveille les grillades, notamment de volaille ou de porc, et s\u2019accorde avec finesse aux salades compos\u00e9es, comme une salade de g\u00e9siers confits ou une assiette de crudit\u00e9s gourmandes. Servi l\u00e9g\u00e8rement frais, il r\u00e9v\u00e8le tout son charme au c\u0153ur des d\u00e9jeuners ensoleill\u00e9s ou des d\u00eeners en terrasse.<\/p>\t\t\t\t\t\t\t\t<\/div>\n\t\t\t\t<\/div>\n\t\t\t\t<\/div>\n\t\t\t\t<\/div>\n\t\t<div class=\"elementor-element elementor-element-a7e5482 e-con-full e-flex e-con e-parent\" data-id=\"a7e5482\" data-element_type=\"container\" data-settings=\"{&quot;background_background&quot;:&quot;classic&quot;}\">\n\t\t\t\t<div class=\"elementor-element elementor-element-115cfe8 elementor-pagination-type-bullets elementor-arrows-position-inside elementor-pagination-position-outside elementor-widget elementor-widget-n-carousel\" data-id=\"115cfe8\" data-element_type=\"widget\" data-settings=\"{&quot;carousel_items&quot;:[{&quot;slide_title&quot;:&quot;Diapositive N\\u00b01&quot;,&quot;_id&quot;:&quot;bd3e29f&quot;},{&quot;slide_title&quot;:&quot;Diapositive N\\u00b02&quot;,&quot;_id&quot;:&quot;a63fda5&quot;},{&quot;slide_title&quot;:&quot;Diapositive N\\u00b03&quot;,&quot;_id&quot;:&quot;441956b&quot;}],&quot;autoplay_speed&quot;:2000,&quot;image_spacing_custom&quot;:{&quot;unit&quot;:&quot;px&quot;,&quot;size&quot;:0,&quot;sizes&quot;:[]},&quot;image_spacing_custom_tablet&quot;:{&quot;unit&quot;:&quot;px&quot;,&quot;size&quot;:0,&quot;sizes&quot;:[]},&quot;slides_to_show_tablet&quot;:&quot;2&quot;,&quot;slides_to_show_mobile&quot;:&quot;1&quot;,&quot;autoplay&quot;:&quot;yes&quot;,&quot;pause_on_hover&quot;:&quot;yes&quot;,&quot;pause_on_interaction&quot;:&quot;yes&quot;,&quot;infinite&quot;:&quot;yes&quot;,&quot;speed&quot;:500,&quot;offset_sides&quot;:&quot;none&quot;,&quot;arrows&quot;:&quot;yes&quot;,&quot;pagination&quot;:&quot;bullets&quot;,&quot;image_spacing_custom_mobile&quot;:{&quot;unit&quot;:&quot;px&quot;,&quot;size&quot;:&quot;&quot;,&quot;sizes&quot;:[]}}\" data-widget_type=\"nested-carousel.default\">\n\t\t\t\t<div class=\"elementor-widget-container\">\n\t\t\t\t\t\t\t<div class=\"e-n-carousel swiper\" role=\"region\" aria-roledescription=\"carousel\" aria-label=\"Carousel\" dir=\"ltr\">\n\t\t\t<div class=\"swiper-wrapper\" aria-live=\"off\">\n\t\t\t\t\t\t\t\t\t\t<div class=\"swiper-slide\" data-slide=\"1\" role=\"group\" aria-roledescription=\"slide\" aria-label=\"1 sur 3\">\n\t\t\t\t\t\t\t<div class=\"elementor-element elementor-element-723e495 e-flex e-con-boxed e-con e-child\" data-id=\"723e495\" data-element_type=\"container\">\n\t\t\t\t\t<div class=\"e-con-inner\">\n\t\t\t\t<div class=\"elementor-element elementor-element-763e8d2 elementor-widget elementor-widget-image\" data-id=\"763e8d2\" data-element_type=\"widget\" data-widget_type=\"image.default\">\n\t\t\t\t<div class=\"elementor-widget-container\">\n\t\t\t\t\t\t\t\t\t\t\t\t\t\t\t\t<a href=\"https:\/\/lecumedelune.com\/index.php\/nos-vins-blancs\/\">\n\t\t\t\t\t\t\t<img decoding=\"async\" width=\"800\" height=\"534\" src=\"https:\/\/lecumedelune.com\/wp-content\/uploads\/2025\/04\/Suggestion-Blanc-AOP-1024x683.png\" class=\"attachment-large size-large wp-image-1552\" alt=\"Bouteille de vin blanc de Provence AOP\" srcset=\"https:\/\/lecumedelune.com\/wp-content\/uploads\/2025\/04\/Suggestion-Blanc-AOP-1024x683.png 1024w, https:\/\/lecumedelune.com\/wp-content\/uploads\/2025\/04\/Suggestion-Blanc-AOP-300x200.png 300w, https:\/\/lecumedelune.com\/wp-content\/uploads\/2025\/04\/Suggestion-Blanc-AOP-768x512.png 768w, https:\/\/lecumedelune.com\/wp-content\/uploads\/2025\/04\/Suggestion-Blanc-AOP.png 2000w\" sizes=\"(max-width: 800px) 100vw, 800px\" \/>\t\t\t\t\t\t\t\t<\/a>\n\t\t\t\t\t\t\t\t\t\t\t\t\t\t\t<\/div>\n\t\t\t\t<\/div>\n\t\t\t\t<div class=\"elementor-element elementor-element-f08cb59 elementor-widget elementor-widget-heading\" data-id=\"f08cb59\" data-element_type=\"widget\" data-widget_type=\"heading.default\">\n\t\t\t\t<div class=\"elementor-widget-container\">\n\t\t\t\t\t<h2 class=\"elementor-heading-title elementor-size-default\"><a href=\"https:\/\/lecumedelune.com\/index.php\/nos-vins-blancs\/\">Vin blanc AOP<\/a><\/h2>\t\t\t\t<\/div>\n\t\t\t\t<\/div>\n\t\t\t\t<div class=\"elementor-element elementor-element-832dcef elementor-widget elementor-widget-heading\" data-id=\"832dcef\" data-element_type=\"widget\" data-widget_type=\"heading.default\">\n\t\t\t\t<div class=\"elementor-widget-container\">\n\t\t\t\t\t<h2 class=\"elementor-heading-title elementor-size-default\"><a href=\"https:\/\/lecumedelune.com\/index.php\/nos-vins-blancs\/\">C\u00f4te de Provence<\/a><\/h2>\t\t\t\t<\/div>\n\t\t\t\t<\/div>\n\t\t\t\t\t<\/div>\n\t\t\t\t<\/div>\n\t\t\t\t\t\t\t\t<\/div>\n\t\t\t\t\t\t\t\t\t\t\t<div class=\"swiper-slide\" data-slide=\"2\" role=\"group\" aria-roledescription=\"slide\" aria-label=\"2 sur 3\">\n\t\t\t\t\t\t\t<div class=\"elementor-element elementor-element-1684ace e-flex e-con-boxed e-con e-child\" data-id=\"1684ace\" data-element_type=\"container\">\n\t\t\t\t\t<div class=\"e-con-inner\">\n\t\t\t\t<div class=\"elementor-element elementor-element-856a926 elementor-widget elementor-widget-image\" data-id=\"856a926\" data-element_type=\"widget\" data-widget_type=\"image.default\">\n\t\t\t\t<div class=\"elementor-widget-container\">\n\t\t\t\t\t\t\t\t\t\t\t\t\t\t\t\t<a href=\"https:\/\/lecumedelune.com\/index.php\/nos-vins-roses-2\/\">\n\t\t\t\t\t\t\t<img loading=\"lazy\" decoding=\"async\" width=\"800\" height=\"534\" src=\"https:\/\/lecumedelune.com\/wp-content\/uploads\/2025\/04\/Suggestion-Rose-AOP-1024x683.png\" class=\"attachment-large size-large wp-image-1553\" alt=\"Bouteille de vin ros\u00e9 de Provence AOP\" srcset=\"https:\/\/lecumedelune.com\/wp-content\/uploads\/2025\/04\/Suggestion-Rose-AOP-1024x683.png 1024w, https:\/\/lecumedelune.com\/wp-content\/uploads\/2025\/04\/Suggestion-Rose-AOP-300x200.png 300w, https:\/\/lecumedelune.com\/wp-content\/uploads\/2025\/04\/Suggestion-Rose-AOP-768x512.png 768w, https:\/\/lecumedelune.com\/wp-content\/uploads\/2025\/04\/Suggestion-Rose-AOP-1536x1025.png 1536w, https:\/\/lecumedelune.com\/wp-content\/uploads\/2025\/04\/Suggestion-Rose-AOP.png 2000w\" sizes=\"(max-width: 800px) 100vw, 800px\" \/>\t\t\t\t\t\t\t\t<\/a>\n\t\t\t\t\t\t\t\t\t\t\t\t\t\t\t<\/div>\n\t\t\t\t<\/div>\n\t\t\t\t<div class=\"elementor-element elementor-element-c7137b0 elementor-widget elementor-widget-heading\" data-id=\"c7137b0\" data-element_type=\"widget\" data-widget_type=\"heading.default\">\n\t\t\t\t<div class=\"elementor-widget-container\">\n\t\t\t\t\t<h2 class=\"elementor-heading-title elementor-size-default\"><a href=\"https:\/\/lecumedelune.com\/index.php\/nos-vins-roses-2\/\">Vin ros\u00e9 AOP<\/a><\/h2>\t\t\t\t<\/div>\n\t\t\t\t<\/div>\n\t\t\t\t<div class=\"elementor-element elementor-element-abef022 elementor-widget elementor-widget-heading\" data-id=\"abef022\" data-element_type=\"widget\" data-widget_type=\"heading.default\">\n\t\t\t\t<div class=\"elementor-widget-container\">\n\t\t\t\t\t<h2 class=\"elementor-heading-title elementor-size-default\"><a href=\"https:\/\/lecumedelune.com\/index.php\/nos-vins-roses-2\/\">C\u00f4te de Provence<\/a><\/h2>\t\t\t\t<\/div>\n\t\t\t\t<\/div>\n\t\t\t\t\t<\/div>\n\t\t\t\t<\/div>\n\t\t\t\t\t\t\t\t<\/div>\n\t\t\t\t\t\t\t\t\t\t\t<div class=\"swiper-slide\" data-slide=\"3\" role=\"group\" aria-roledescription=\"slide\" aria-label=\"3 sur 3\">\n\t\t\t\t\t\t\t<div class=\"elementor-element elementor-element-32458b6 e-flex e-con-boxed e-con e-child\" data-id=\"32458b6\" data-element_type=\"container\">\n\t\t\t\t\t<div class=\"e-con-inner\">\n\t\t\t\t<div class=\"elementor-element elementor-element-0ad70fb elementor-widget elementor-widget-image\" data-id=\"0ad70fb\" data-element_type=\"widget\" data-widget_type=\"image.default\">\n\t\t\t\t<div class=\"elementor-widget-container\">\n\t\t\t\t\t\t\t\t\t\t\t\t\t\t\t\t<a href=\"https:\/\/lecumedelune.com\/index.php\/nos-vins-roses-2\/\">\n\t\t\t\t\t\t\t<img loading=\"lazy\" decoding=\"async\" width=\"800\" height=\"534\" src=\"https:\/\/lecumedelune.com\/wp-content\/uploads\/2025\/04\/Suggestion-Rose-Lisou-1024x683.png\" class=\"attachment-large size-large wp-image-1554\" alt=\"Bouteille de vin ros\u00e9 de Provence AOP\" srcset=\"https:\/\/lecumedelune.com\/wp-content\/uploads\/2025\/04\/Suggestion-Rose-Lisou-1024x683.png 1024w, https:\/\/lecumedelune.com\/wp-content\/uploads\/2025\/04\/Suggestion-Rose-Lisou-300x200.png 300w, https:\/\/lecumedelune.com\/wp-content\/uploads\/2025\/04\/Suggestion-Rose-Lisou-768x512.png 768w, https:\/\/lecumedelune.com\/wp-content\/uploads\/2025\/04\/Suggestion-Rose-Lisou-1536x1025.png 1536w, https:\/\/lecumedelune.com\/wp-content\/uploads\/2025\/04\/Suggestion-Rose-Lisou.png 2000w\" sizes=\"(max-width: 800px) 100vw, 800px\" \/>\t\t\t\t\t\t\t\t<\/a>\n\t\t\t\t\t\t\t\t\t\t\t\t\t\t\t<\/div>\n\t\t\t\t<\/div>\n\t\t\t\t<div class=\"elementor-element elementor-element-557212b elementor-widget elementor-widget-heading\" data-id=\"557212b\" data-element_type=\"widget\" data-widget_type=\"heading.default\">\n\t\t\t\t<div class=\"elementor-widget-container\">\n\t\t\t\t\t<h2 class=\"elementor-heading-title elementor-size-default\"><a href=\"https:\/\/lecumedelune.com\/index.php\/nos-vins-roses-2\/\">Cuv\u00e9e Lisou<\/a><\/h2>\t\t\t\t<\/div>\n\t\t\t\t<\/div>\n\t\t\t\t<div class=\"elementor-element elementor-element-52efa46 elementor-widget elementor-widget-heading\" data-id=\"52efa46\" data-element_type=\"widget\" data-widget_type=\"heading.default\">\n\t\t\t\t<div class=\"elementor-widget-container\">\n\t\t\t\t\t<h2 class=\"elementor-heading-title elementor-size-default\"><a href=\"https:\/\/lecumedelune.com\/index.php\/nos-vins-roses-2\/\">Cuv\u00e9e sp\u00e9ciale<\/a><\/h2>\t\t\t\t<\/div>\n\t\t\t\t<\/div>\n\t\t\t\t\t<\/div>\n\t\t\t\t<\/div>\n\t\t\t\t\t\t\t\t<\/div>\n\t\t\t\t\t\t\t\t<\/div>\n\t\t<\/div>\n\t\t\t\t\t<div class=\"elementor-swiper-button elementor-swiper-button-prev\" role=\"button\" tabindex=\"0\" aria-label=\"Pr\u00e9c\u00e9dent\">\n\t\t\t\t<svg aria-hidden=\"true\" class=\"e-font-icon-svg e-eicon-chevron-left\" viewBox=\"0 0 1000 1000\" xmlns=\"http:\/\/www.w3.org\/2000\/svg\"><path d=\"M646 125C629 125 613 133 604 142L308 442C296 454 292 471 292 487 292 504 296 521 308 533L604 854C617 867 629 875 646 875 663 875 679 871 692 858 704 846 713 829 713 812 713 796 708 779 692 767L438 487 692 225C700 217 708 204 708 187 708 171 704 154 692 142 675 129 663 125 646 125Z\"><\/path><\/svg>\t\t\t<\/div>\n\t\t\t<div class=\"elementor-swiper-button elementor-swiper-button-next\" role=\"button\" tabindex=\"0\" aria-label=\"Suivant\">\n\t\t\t\t<svg aria-hidden=\"true\" class=\"e-font-icon-svg e-eicon-chevron-right\" viewBox=\"0 0 1000 1000\" xmlns=\"http:\/\/www.w3.org\/2000\/svg\"><path d=\"M696 533C708 521 713 504 713 487 713 471 708 454 696 446L400 146C388 133 375 125 354 125 338 125 325 129 313 142 300 154 292 171 292 187 292 204 296 221 308 233L563 492 304 771C292 783 288 800 288 817 288 833 296 850 308 863 321 871 338 875 354 875 371 875 388 867 400 854L696 533Z\"><\/path><\/svg>\t\t\t<\/div>\n\t\t\t\t\t<div class=\"swiper-pagination\"><\/div>\n\t\t\t\t\t\t<\/div>\n\t\t\t\t<\/div>\n\t\t\t\t<\/div>\n\t\t<div class=\"elementor-element elementor-element-cf65243 e-con-full e-flex e-con e-parent\" data-id=\"cf65243\" data-element_type=\"container\" data-settings=\"{&quot;background_background&quot;:&quot;classic&quot;}\">\n\t\t<div class=\"elementor-element elementor-element-cb33ccc e-con-full e-flex e-con e-child\" data-id=\"cb33ccc\" data-element_type=\"container\">\n\t\t\t\t<div class=\"elementor-element elementor-element-f562d65 elementor-widget elementor-widget-heading\" data-id=\"f562d65\" data-element_type=\"widget\" data-widget_type=\"heading.default\">\n\t\t\t\t<div class=\"elementor-widget-container\">\n\t\t\t\t\t<h2 class=\"elementor-heading-title elementor-size-default\">Nos m\u00e9dailles & c\u00e9rtifications<\/h2>\t\t\t\t<\/div>\n\t\t\t\t<\/div>\n\t\t\t\t<\/div>\n\t\t<div class=\"elementor-element elementor-element-74919ad e-con-full e-flex e-con e-child\" data-id=\"74919ad\" data-element_type=\"container\">\n\t\t\t\t<div class=\"elementor-element elementor-element-3b2aa4a elementor-widget elementor-widget-image\" data-id=\"3b2aa4a\" data-element_type=\"widget\" data-settings=\"{&quot;motion_fx_motion_fx_scrolling&quot;:&quot;yes&quot;,&quot;motion_fx_scale_effect&quot;:&quot;yes&quot;,&quot;motion_fx_scale_direction&quot;:&quot;in-out&quot;,&quot;motion_fx_scale_speed&quot;:{&quot;unit&quot;:&quot;px&quot;,&quot;size&quot;:-10,&quot;sizes&quot;:[]},&quot;motion_fx_scale_range&quot;:{&quot;unit&quot;:&quot;%&quot;,&quot;size&quot;:&quot;&quot;,&quot;sizes&quot;:{&quot;start&quot;:0,&quot;end&quot;:38}},&quot;motion_fx_devices&quot;:[&quot;desktop&quot;,&quot;tablet&quot;,&quot;mobile&quot;]}\" data-widget_type=\"image.default\">\n\t\t\t\t<div class=\"elementor-widget-container\">\n\t\t\t\t\t\t\t\t\t\t\t\t\t\t\t<img loading=\"lazy\" decoding=\"async\" width=\"1181\" height=\"1181\" src=\"https:\/\/lecumedelune.com\/wp-content\/uploads\/2025\/04\/OR-2025.png\" class=\"attachment-full size-full wp-image-770\" alt=\"\" srcset=\"https:\/\/lecumedelune.com\/wp-content\/uploads\/2025\/04\/OR-2025.png 1181w, https:\/\/lecumedelune.com\/wp-content\/uploads\/2025\/04\/OR-2025-300x300.png 300w, https:\/\/lecumedelune.com\/wp-content\/uploads\/2025\/04\/OR-2025-1024x1024.png 1024w, https:\/\/lecumedelune.com\/wp-content\/uploads\/2025\/04\/OR-2025-150x150.png 150w, https:\/\/lecumedelune.com\/wp-content\/uploads\/2025\/04\/OR-2025-768x768.png 768w\" sizes=\"(max-width: 1181px) 100vw, 1181px\" \/>\t\t\t\t\t\t\t\t\t\t\t\t\t\t\t<\/div>\n\t\t\t\t<\/div>\n\t\t\t\t<div class=\"elementor-element elementor-element-cee0570 elementor-widget elementor-widget-image\" data-id=\"cee0570\" data-element_type=\"widget\" data-settings=\"{&quot;motion_fx_motion_fx_scrolling&quot;:&quot;yes&quot;,&quot;motion_fx_scale_effect&quot;:&quot;yes&quot;,&quot;motion_fx_scale_direction&quot;:&quot;in-out&quot;,&quot;motion_fx_scale_speed&quot;:{&quot;unit&quot;:&quot;px&quot;,&quot;size&quot;:-10,&quot;sizes&quot;:[]},&quot;motion_fx_scale_range&quot;:{&quot;unit&quot;:&quot;%&quot;,&quot;size&quot;:&quot;&quot;,&quot;sizes&quot;:{&quot;start&quot;:0,&quot;end&quot;:38}},&quot;motion_fx_devices&quot;:[&quot;desktop&quot;,&quot;tablet&quot;,&quot;mobile&quot;]}\" data-widget_type=\"image.default\">\n\t\t\t\t<div class=\"elementor-widget-container\">\n\t\t\t\t\t\t\t\t\t\t\t\t\t\t\t<img loading=\"lazy\" decoding=\"async\" width=\"1181\" height=\"1181\" src=\"https:\/\/lecumedelune.com\/wp-content\/uploads\/2025\/04\/Medailles.png\" class=\"attachment-full size-full wp-image-771\" alt=\"\" srcset=\"https:\/\/lecumedelune.com\/wp-content\/uploads\/2025\/04\/Medailles.png 1181w, https:\/\/lecumedelune.com\/wp-content\/uploads\/2025\/04\/Medailles-300x300.png 300w, https:\/\/lecumedelune.com\/wp-content\/uploads\/2025\/04\/Medailles-1024x1024.png 1024w, https:\/\/lecumedelune.com\/wp-content\/uploads\/2025\/04\/Medailles-150x150.png 150w, https:\/\/lecumedelune.com\/wp-content\/uploads\/2025\/04\/Medailles-768x768.png 768w\" sizes=\"(max-width: 1181px) 100vw, 1181px\" \/>\t\t\t\t\t\t\t\t\t\t\t\t\t\t\t<\/div>\n\t\t\t\t<\/div>\n\t\t\t\t<div class=\"elementor-element elementor-element-1cbe9dd elementor-widget elementor-widget-image\" data-id=\"1cbe9dd\" data-element_type=\"widget\" data-settings=\"{&quot;motion_fx_motion_fx_scrolling&quot;:&quot;yes&quot;,&quot;motion_fx_scale_effect&quot;:&quot;yes&quot;,&quot;motion_fx_scale_direction&quot;:&quot;in-out&quot;,&quot;motion_fx_scale_speed&quot;:{&quot;unit&quot;:&quot;px&quot;,&quot;size&quot;:-10,&quot;sizes&quot;:[]},&quot;motion_fx_scale_range&quot;:{&quot;unit&quot;:&quot;%&quot;,&quot;size&quot;:&quot;&quot;,&quot;sizes&quot;:{&quot;start&quot;:0,&quot;end&quot;:38}},&quot;motion_fx_devices&quot;:[&quot;desktop&quot;,&quot;tablet&quot;,&quot;mobile&quot;]}\" data-widget_type=\"image.default\">\n\t\t\t\t<div class=\"elementor-widget-container\">\n\t\t\t\t\t\t\t\t\t\t\t\t\t\t\t<img loading=\"lazy\" decoding=\"async\" width=\"1181\" height=\"1181\" src=\"https:\/\/lecumedelune.com\/wp-content\/uploads\/2025\/05\/concours-general-agricole-medaille-bronze.png\" class=\"attachment-full size-full wp-image-1990\" alt=\"M\u00e9daille de Bronze au Concours G\u00e9n\u00e9ral Agricole\" srcset=\"https:\/\/lecumedelune.com\/wp-content\/uploads\/2025\/05\/concours-general-agricole-medaille-bronze.png 1181w, https:\/\/lecumedelune.com\/wp-content\/uploads\/2025\/05\/concours-general-agricole-medaille-bronze-300x300.png 300w, https:\/\/lecumedelune.com\/wp-content\/uploads\/2025\/05\/concours-general-agricole-medaille-bronze-1024x1024.png 1024w, https:\/\/lecumedelune.com\/wp-content\/uploads\/2025\/05\/concours-general-agricole-medaille-bronze-150x150.png 150w, https:\/\/lecumedelune.com\/wp-content\/uploads\/2025\/05\/concours-general-agricole-medaille-bronze-768x768.png 768w\" sizes=\"(max-width: 1181px) 100vw, 1181px\" \/>\t\t\t\t\t\t\t\t\t\t\t\t\t\t\t<\/div>\n\t\t\t\t<\/div>\n\t\t\t\t<\/div>\n\t\t\t\t<\/div>\n\t\t<div class=\"elementor-element elementor-element-d6e8219 e-con-full elementor-hidden-desktop e-flex e-con e-parent\" data-id=\"d6e8219\" data-element_type=\"container\" data-settings=\"{&quot;background_background&quot;:&quot;classic&quot;,&quot;position&quot;:&quot;fixed&quot;}\">\n\t\t\t\t<div class=\"elementor-element elementor-element-b602368 elementor-align-center elementor-mobile-align-center elementor-widget elementor-widget-button\" data-id=\"b602368\" data-element_type=\"widget\" data-widget_type=\"button.default\">\n\t\t\t\t<div class=\"elementor-widget-container\">\n\t\t\t\t\t\t\t\t\t<div class=\"elementor-button-wrapper\">\n\t\t\t\t\t<a class=\"elementor-button elementor-button-link elementor-size-sm\" href=\"tel:0620826427\">\n\t\t\t\t\t\t<span class=\"elementor-button-content-wrapper\">\n\t\t\t\t\t\t\t\t\t<span class=\"elementor-button-text\">06.20.82.64.27<\/span>\n\t\t\t\t\t<\/span>\n\t\t\t\t\t<\/a>\n\t\t\t\t<\/div>\n\t\t\t\t\t\t\t\t<\/div>\n\t\t\t\t<\/div>\n\t\t\t\t<\/div>\n\t\t\t\t<\/div>\n\t\t","protected":false},"excerpt":{"rendered":"<p>AOP C\u00f4te de ProvenceL&rsquo;accompagnement parfait des charcuteries raffin\u00e9es et des plateaux de fromages\u25bcLe vin rouge vieilli en f\u00fbt de ch\u00eaneLe partenaire id\u00e9al des plats en sauce \u25bcLe vin rouge de tableId\u00e9al avec les grillades et salades compos\u00e9es\u25bc Caract\u00e9ristiques Ce C\u00f4tes de Provence Rouge AOP s\u00e9duit d\u00e8s le premier regard par sa robe profonde, aux nuances [&hellip;]<\/p>\n","protected":false},"author":1,"featured_media":0,"parent":0,"menu_order":0,"comment_status":"closed","ping_status":"closed","template":"elementor_header_footer","meta":{"footnotes":""},"class_list":["post-291","page","type-page","status-publish","hentry"],"yoast_head":"<!-- This site is optimized with the Yoast SEO plugin v24.6 - https:\/\/yoast.com\/wordpress\/plugins\/seo\/ -->\n<title>Nos vins rouges - Domaine l&#039;Ecume de Lune<\/title>\n<meta name=\"description\" content=\"Notre vin rouge bio, puissant et soyeux, na\u00eet d\u2019une terre vivante caress\u00e9e par le soleil. Vieilli avec patience, il r\u00e9v\u00e8le des notes profondes de fruits m\u00fbrs et d\u2019\u00e9pices, signature de la Provence.\" \/>\n<meta name=\"robots\" content=\"index, follow, max-snippet:-1, max-image-preview:large, max-video-preview:-1\" \/>\n<link rel=\"canonical\" href=\"https:\/\/lecumedelune.com\/index.php\/nos-vins-rouges\/\" \/>\n<meta property=\"og:locale\" content=\"fr_FR\" \/>\n<meta property=\"og:type\" content=\"article\" \/>\n<meta property=\"og:title\" content=\"Nos vins rouges - Domaine l&#039;Ecume de Lune\" \/>\n<meta property=\"og:description\" content=\"Notre vin rouge bio, puissant et soyeux, na\u00eet d\u2019une terre vivante caress\u00e9e par le soleil. Vieilli avec patience, il r\u00e9v\u00e8le des notes profondes de fruits m\u00fbrs et d\u2019\u00e9pices, signature de la Provence.\" \/>\n<meta property=\"og:url\" content=\"https:\/\/lecumedelune.com\/index.php\/nos-vins-rouges\/\" \/>\n<meta property=\"og:site_name\" content=\"Domaine l&#039;Ecume de Lune\" \/>\n<meta property=\"article:modified_time\" content=\"2025-05-07T20:24:50+00:00\" \/>\n<meta property=\"og:image\" content=\"https:\/\/lecumedelune.com\/wp-content\/uploads\/2025\/04\/Picto-cave-V2_Cave.png\" \/>\n\t<meta property=\"og:image:width\" content=\"1875\" \/>\n\t<meta property=\"og:image:height\" content=\"1875\" \/>\n\t<meta property=\"og:image:type\" content=\"image\/png\" \/>\n<meta name=\"twitter:card\" content=\"summary_large_image\" \/>\n<meta name=\"twitter:label1\" content=\"Dur\u00e9e de lecture estim\u00e9e\" \/>\n\t<meta name=\"twitter:data1\" content=\"7 minutes\" \/>\n<script type=\"application\/ld+json\" class=\"yoast-schema-graph\">{\"@context\":\"https:\/\/schema.org\",\"@graph\":[{\"@type\":\"WebPage\",\"@id\":\"https:\/\/lecumedelune.com\/index.php\/nos-vins-rouges\/\",\"url\":\"https:\/\/lecumedelune.com\/index.php\/nos-vins-rouges\/\",\"name\":\"Nos vins rouges - Domaine l&#039;Ecume de Lune\",\"isPartOf\":{\"@id\":\"https:\/\/lecumedelune.com\/#website\"},\"primaryImageOfPage\":{\"@id\":\"https:\/\/lecumedelune.com\/index.php\/nos-vins-rouges\/#primaryimage\"},\"image\":{\"@id\":\"https:\/\/lecumedelune.com\/index.php\/nos-vins-rouges\/#primaryimage\"},\"thumbnailUrl\":\"http:\/\/lecumedelune.com\/wp-content\/uploads\/2025\/04\/Picto-cave-V2_Cave-768x768.png\",\"datePublished\":\"2025-03-19T20:37:14+00:00\",\"dateModified\":\"2025-05-07T20:24:50+00:00\",\"description\":\"Notre vin rouge bio, puissant et soyeux, na\u00eet d\u2019une terre vivante caress\u00e9e par le soleil. Vieilli avec patience, il r\u00e9v\u00e8le des notes profondes de fruits m\u00fbrs et d\u2019\u00e9pices, signature de la Provence.\",\"breadcrumb\":{\"@id\":\"https:\/\/lecumedelune.com\/index.php\/nos-vins-rouges\/#breadcrumb\"},\"inLanguage\":\"fr-FR\",\"potentialAction\":[{\"@type\":\"ReadAction\",\"target\":[\"https:\/\/lecumedelune.com\/index.php\/nos-vins-rouges\/\"]}]},{\"@type\":\"ImageObject\",\"inLanguage\":\"fr-FR\",\"@id\":\"https:\/\/lecumedelune.com\/index.php\/nos-vins-rouges\/#primaryimage\",\"url\":\"http:\/\/lecumedelune.com\/wp-content\/uploads\/2025\/04\/Picto-cave-V2_Cave-768x768.png\",\"contentUrl\":\"http:\/\/lecumedelune.com\/wp-content\/uploads\/2025\/04\/Picto-cave-V2_Cave-768x768.png\"},{\"@type\":\"BreadcrumbList\",\"@id\":\"https:\/\/lecumedelune.com\/index.php\/nos-vins-rouges\/#breadcrumb\",\"itemListElement\":[{\"@type\":\"ListItem\",\"position\":1,\"name\":\"Accueil\",\"item\":\"https:\/\/lecumedelune.com\/\"},{\"@type\":\"ListItem\",\"position\":2,\"name\":\"Nos vins rouges\"}]},{\"@type\":\"WebSite\",\"@id\":\"https:\/\/lecumedelune.com\/#website\",\"url\":\"https:\/\/lecumedelune.com\/\",\"name\":\"Domaine l&#039;Ecume de Lune\",\"description\":\"Un vin issue d&#039;une agriculture sans eau\",\"publisher\":{\"@id\":\"https:\/\/lecumedelune.com\/#organization\"},\"potentialAction\":[{\"@type\":\"SearchAction\",\"target\":{\"@type\":\"EntryPoint\",\"urlTemplate\":\"https:\/\/lecumedelune.com\/?s={search_term_string}\"},\"query-input\":{\"@type\":\"PropertyValueSpecification\",\"valueRequired\":true,\"valueName\":\"search_term_string\"}}],\"inLanguage\":\"fr-FR\"},{\"@type\":\"Organization\",\"@id\":\"https:\/\/lecumedelune.com\/#organization\",\"name\":\"Domaine l&#039;Ecume de Lune\",\"url\":\"https:\/\/lecumedelune.com\/\",\"logo\":{\"@type\":\"ImageObject\",\"inLanguage\":\"fr-FR\",\"@id\":\"https:\/\/lecumedelune.com\/#\/schema\/logo\/image\/\",\"url\":\"https:\/\/lecumedelune.com\/wp-content\/uploads\/2024\/12\/Favicone_Marc_Giordanengo_LEcumeDeLune.png\",\"contentUrl\":\"https:\/\/lecumedelune.com\/wp-content\/uploads\/2024\/12\/Favicone_Marc_Giordanengo_LEcumeDeLune.png\",\"width\":226,\"height\":226,\"caption\":\"Domaine l&#039;Ecume de Lune\"},\"image\":{\"@id\":\"https:\/\/lecumedelune.com\/#\/schema\/logo\/image\/\"}}]}<\/script>\n<!-- \/ Yoast SEO plugin. -->","yoast_head_json":{"title":"Nos vins rouges - Domaine l&#039;Ecume de Lune","description":"Notre vin rouge bio, puissant et soyeux, na\u00eet d\u2019une terre vivante caress\u00e9e par le soleil. Vieilli avec patience, il r\u00e9v\u00e8le des notes profondes de fruits m\u00fbrs et d\u2019\u00e9pices, signature de la Provence.","robots":{"index":"index","follow":"follow","max-snippet":"max-snippet:-1","max-image-preview":"max-image-preview:large","max-video-preview":"max-video-preview:-1"},"canonical":"https:\/\/lecumedelune.com\/index.php\/nos-vins-rouges\/","og_locale":"fr_FR","og_type":"article","og_title":"Nos vins rouges - Domaine l&#039;Ecume de Lune","og_description":"Notre vin rouge bio, puissant et soyeux, na\u00eet d\u2019une terre vivante caress\u00e9e par le soleil. Vieilli avec patience, il r\u00e9v\u00e8le des notes profondes de fruits m\u00fbrs et d\u2019\u00e9pices, signature de la Provence.","og_url":"https:\/\/lecumedelune.com\/index.php\/nos-vins-rouges\/","og_site_name":"Domaine l&#039;Ecume de Lune","article_modified_time":"2025-05-07T20:24:50+00:00","og_image":[{"width":1875,"height":1875,"url":"https:\/\/lecumedelune.com\/wp-content\/uploads\/2025\/04\/Picto-cave-V2_Cave.png","type":"image\/png"}],"twitter_card":"summary_large_image","twitter_misc":{"Dur\u00e9e de lecture estim\u00e9e":"7 minutes"},"schema":{"@context":"https:\/\/schema.org","@graph":[{"@type":"WebPage","@id":"https:\/\/lecumedelune.com\/index.php\/nos-vins-rouges\/","url":"https:\/\/lecumedelune.com\/index.php\/nos-vins-rouges\/","name":"Nos vins rouges - Domaine l&#039;Ecume de Lune","isPartOf":{"@id":"https:\/\/lecumedelune.com\/#website"},"primaryImageOfPage":{"@id":"https:\/\/lecumedelune.com\/index.php\/nos-vins-rouges\/#primaryimage"},"image":{"@id":"https:\/\/lecumedelune.com\/index.php\/nos-vins-rouges\/#primaryimage"},"thumbnailUrl":"http:\/\/lecumedelune.com\/wp-content\/uploads\/2025\/04\/Picto-cave-V2_Cave-768x768.png","datePublished":"2025-03-19T20:37:14+00:00","dateModified":"2025-05-07T20:24:50+00:00","description":"Notre vin rouge bio, puissant et soyeux, na\u00eet d\u2019une terre vivante caress\u00e9e par le soleil. Vieilli avec patience, il r\u00e9v\u00e8le des notes profondes de fruits m\u00fbrs et d\u2019\u00e9pices, signature de la Provence.","breadcrumb":{"@id":"https:\/\/lecumedelune.com\/index.php\/nos-vins-rouges\/#breadcrumb"},"inLanguage":"fr-FR","potentialAction":[{"@type":"ReadAction","target":["https:\/\/lecumedelune.com\/index.php\/nos-vins-rouges\/"]}]},{"@type":"ImageObject","inLanguage":"fr-FR","@id":"https:\/\/lecumedelune.com\/index.php\/nos-vins-rouges\/#primaryimage","url":"http:\/\/lecumedelune.com\/wp-content\/uploads\/2025\/04\/Picto-cave-V2_Cave-768x768.png","contentUrl":"http:\/\/lecumedelune.com\/wp-content\/uploads\/2025\/04\/Picto-cave-V2_Cave-768x768.png"},{"@type":"BreadcrumbList","@id":"https:\/\/lecumedelune.com\/index.php\/nos-vins-rouges\/#breadcrumb","itemListElement":[{"@type":"ListItem","position":1,"name":"Accueil","item":"https:\/\/lecumedelune.com\/"},{"@type":"ListItem","position":2,"name":"Nos vins rouges"}]},{"@type":"WebSite","@id":"https:\/\/lecumedelune.com\/#website","url":"https:\/\/lecumedelune.com\/","name":"Domaine l&#039;Ecume de Lune","description":"Un vin issue d&#039;une agriculture sans eau","publisher":{"@id":"https:\/\/lecumedelune.com\/#organization"},"potentialAction":[{"@type":"SearchAction","target":{"@type":"EntryPoint","urlTemplate":"https:\/\/lecumedelune.com\/?s={search_term_string}"},"query-input":{"@type":"PropertyValueSpecification","valueRequired":true,"valueName":"search_term_string"}}],"inLanguage":"fr-FR"},{"@type":"Organization","@id":"https:\/\/lecumedelune.com\/#organization","name":"Domaine l&#039;Ecume de Lune","url":"https:\/\/lecumedelune.com\/","logo":{"@type":"ImageObject","inLanguage":"fr-FR","@id":"https:\/\/lecumedelune.com\/#\/schema\/logo\/image\/","url":"https:\/\/lecumedelune.com\/wp-content\/uploads\/2024\/12\/Favicone_Marc_Giordanengo_LEcumeDeLune.png","contentUrl":"https:\/\/lecumedelune.com\/wp-content\/uploads\/2024\/12\/Favicone_Marc_Giordanengo_LEcumeDeLune.png","width":226,"height":226,"caption":"Domaine l&#039;Ecume de Lune"},"image":{"@id":"https:\/\/lecumedelune.com\/#\/schema\/logo\/image\/"}}]}},"_links":{"self":[{"href":"https:\/\/lecumedelune.com\/index.php\/wp-json\/wp\/v2\/pages\/291","targetHints":{"allow":["GET"]}}],"collection":[{"href":"https:\/\/lecumedelune.com\/index.php\/wp-json\/wp\/v2\/pages"}],"about":[{"href":"https:\/\/lecumedelune.com\/index.php\/wp-json\/wp\/v2\/types\/page"}],"author":[{"embeddable":true,"href":"https:\/\/lecumedelune.com\/index.php\/wp-json\/wp\/v2\/users\/1"}],"replies":[{"embeddable":true,"href":"https:\/\/lecumedelune.com\/index.php\/wp-json\/wp\/v2\/comments?post=291"}],"version-history":[{"count":278,"href":"https:\/\/lecumedelune.com\/index.php\/wp-json\/wp\/v2\/pages\/291\/revisions"}],"predecessor-version":[{"id":2017,"href":"https:\/\/lecumedelune.com\/index.php\/wp-json\/wp\/v2\/pages\/291\/revisions\/2017"}],"wp:attachment":[{"href":"https:\/\/lecumedelune.com\/index.php\/wp-json\/wp\/v2\/media?parent=291"}],"curies":[{"name":"wp","href":"https:\/\/api.w.org\/{rel}","templated":true}]}}